{"id":905,"date":"2022-04-26T18:45:15","date_gmt":"2022-04-26T16:45:15","guid":{"rendered":"https:\/\/taalbureauaccent.nl\/pl\/?post_type=product&#038;p=905"},"modified":"2024-09-04T14:18:10","modified_gmt":"2024-09-04T12:18:10","slug":"365-dni-z-jezykiem-niderlandzki-cz-2-rzeczownik","status":"publish","type":"product","link":"https:\/\/taalbureauaccent.nl\/pl\/product\/365-dni-z-jezykiem-niderlandzki-cz-2-rzeczownik\/","title":{"rendered":"365 dni z j\u0119zykiem niderlandzkim, rzeczownik cz\u0119\u015b\u0107 2"},"content":{"rendered":"<p>Kontynuuj\u0105c nauk\u0119 z tym podr\u0119cznikiem:<\/p>\n<ul>\n<li>podtrzymasz nawyk codziennej nauki \u2013 \u0107wiczenia zaplanowa\u0142am na ka\u017cdy dzie\u0144 tygodnia przez 365 dni w roku,<\/li>\n<li>unikniesz spadk\u00f3w motywacyjnych \u2013 podr\u0119cznik zosta\u0142 tak skonstruowany, by\u015b wiedzia\u0142, co robi\u0107 krok po kroku i nie zniech\u0119ca\u0142 si\u0119,<\/li>\n<li>poznasz przydatne rzeczowniki do codziennego poruszania si\u0119 po niderlandzkim<\/li>\n<li>z \u0142atwo\u015bci\u0105 i bez rozpraszania si\u0119 przyswoisz kolejne zagadnienia gramatyczne.<\/li>\n<\/ul>\n","protected":false},"excerpt":{"rendered":"<p>Po wydaniu podr\u0119cznika \u201e365 dni z j\u0119zykiem niderlandzkim, czasownik cz\u0119\u015b\u0107 1\u201d najcz\u0119\u015bciej zadawane przez uczni\u00f3w pytanie brzmia\u0142o: Kiedy nast\u0119pna cz\u0119\u015b\u0107? Z dum\u0105 prezentuj\u0119 wi\u0119c m\u00f3j nowy podr\u0119cznik do samodzielnej nauki holenderskiego. Tym razem z rzeczownikiem w roli g\u0142\u00f3wnej.<\/p>\n<p>Zam\u00f3w ju\u017c dzi\u015b, a otrzymasz w pakiecie:<\/p>\n<ul>\n<li>podr\u0119cznik w wersji drukowanej z najwa\u017cniejszymi rzeczownikami, przyk\u0142adami zda\u0144 przydatnych w codziennej komunikacji oraz lekcjami gramatyki,<\/li>\n<li>niespodziank\u0119, kt\u00f3ra sprawi, \u017ce samodzielna nauka holenderskiego b\u0119dzie jeszcze przyjemniejsza.<\/li>\n<\/ul>\n","protected":false},"featured_media":906,"comment_status":"open","ping_status":"closed","template":"","meta":[],"product_brand":[],"product_cat":[17],"product_tag":[],"class_list":{"0":"post-905","1":"product","2":"type-product","3":"status-publish","4":"has-post-thumbnail","6":"product_cat-ksiazki","8":"first","9":"instock","10":"shipping-taxable","11":"purchasable","12":"product-type-simple"},"yoast_head":"<!-- This site is optimized with the Yoast SEO plugin v27.5 - https:\/\/yoast.com\/product\/yoast-seo-wordpress\/ -->\n<title>365 dni z j\u0119zykiem niderlandzkim, rzeczownik cz\u0119\u015b\u0107 2 - Taalbureau Accent<\/title>\n<meta name=\"robots\" content=\"index, follow, max-snippet:-1, max-image-preview:large, max-video-preview:-1\" \/>\n<link rel=\"canonical\" href=\"https:\/\/taalbureauaccent.nl\/pl\/product\/365-dni-z-jezykiem-niderlandzki-cz-2-rzeczownik\/\" \/>\n<meta property=\"og:locale\" content=\"pl_PL\" \/>\n<meta property=\"og:type\" content=\"article\" \/>\n<meta property=\"og:title\" content=\"365 dni z j\u0119zykiem niderlandzkim, rzeczownik cz\u0119\u015b\u0107 2 - Taalbureau Accent\" \/>\n<meta property=\"og:description\" content=\"Po wydaniu podr\u0119cznika \u201e365 dni z j\u0119zykiem niderlandzkim, czasownik cz\u0119\u015b\u0107 1\u201d najcz\u0119\u015bciej zadawane przez uczni\u00f3w pytanie brzmia\u0142o: Kiedy nast\u0119pna cz\u0119\u015b\u0107? Z dum\u0105 prezentuj\u0119 wi\u0119c m\u00f3j nowy podr\u0119cznik do samodzielnej nauki holenderskiego. Tym razem z rzeczownikiem w roli g\u0142\u00f3wnej.  Zam\u00f3w ju\u017c dzi\u015b, a otrzymasz w pakiecie:   podr\u0119cznik w wersji drukowanej z najwa\u017cniejszymi rzeczownikami, przyk\u0142adami zda\u0144 przydatnych w codziennej komunikacji oraz lekcjami gramatyki,  niespodziank\u0119, kt\u00f3ra sprawi, \u017ce samodzielna nauka holenderskiego b\u0119dzie jeszcze przyjemniejsza.\" \/>\n<meta property=\"og:url\" content=\"https:\/\/taalbureauaccent.nl\/pl\/product\/365-dni-z-jezykiem-niderlandzki-cz-2-rzeczownik\/\" \/>\n<meta property=\"og:site_name\" content=\"Taalbureau Accent\" \/>\n<meta property=\"article:modified_time\" content=\"2024-09-04T12:18:10+00:00\" \/>\n<meta property=\"og:image\" content=\"https:\/\/taalbureauaccent.nl\/pl\/wp-content\/uploads\/2022\/04\/czesc-2-ksiazka-e1654088890631-jpg.webp\" \/>\n\t<meta property=\"og:image:width\" content=\"1000\" \/>\n\t<meta property=\"og:image:height\" content=\"1000\" \/>\n\t<meta property=\"og:image:type\" content=\"image\/jpeg\" \/>\n<meta name=\"twitter:card\" content=\"summary_large_image\" \/>\n<script type=\"application\/ld+json\" class=\"yoast-schema-graph\">{\"@context\":\"https:\\\/\\\/schema.org\",\"@graph\":[{\"@type\":\"WebPage\",\"@id\":\"https:\\\/\\\/taalbureauaccent.nl\\\/pl\\\/product\\\/365-dni-z-jezykiem-niderlandzki-cz-2-rzeczownik\\\/\",\"url\":\"https:\\\/\\\/taalbureauaccent.nl\\\/pl\\\/product\\\/365-dni-z-jezykiem-niderlandzki-cz-2-rzeczownik\\\/\",\"name\":\"365 dni z j\u0119zykiem niderlandzkim, rzeczownik cz\u0119\u015b\u0107 2 - Taalbureau Accent\",\"isPartOf\":{\"@id\":\"https:\\\/\\\/taalbureauaccent.nl\\\/pl\\\/#website\"},\"primaryImageOfPage\":{\"@id\":\"https:\\\/\\\/taalbureauaccent.nl\\\/pl\\\/product\\\/365-dni-z-jezykiem-niderlandzki-cz-2-rzeczownik\\\/#primaryimage\"},\"image\":{\"@id\":\"https:\\\/\\\/taalbureauaccent.nl\\\/pl\\\/product\\\/365-dni-z-jezykiem-niderlandzki-cz-2-rzeczownik\\\/#primaryimage\"},\"thumbnailUrl\":\"https:\\\/\\\/taalbureauaccent.nl\\\/pl\\\/wp-content\\\/uploads\\\/2022\\\/04\\\/czesc-2-ksiazka-e1654088890631-jpg.webp\",\"datePublished\":\"2022-04-26T16:45:15+00:00\",\"dateModified\":\"2024-09-04T12:18:10+00:00\",\"breadcrumb\":{\"@id\":\"https:\\\/\\\/taalbureauaccent.nl\\\/pl\\\/product\\\/365-dni-z-jezykiem-niderlandzki-cz-2-rzeczownik\\\/#breadcrumb\"},\"inLanguage\":\"pl-PL\",\"potentialAction\":[{\"@type\":\"ReadAction\",\"target\":[\"https:\\\/\\\/taalbureauaccent.nl\\\/pl\\\/product\\\/365-dni-z-jezykiem-niderlandzki-cz-2-rzeczownik\\\/\"]}]},{\"@type\":\"ImageObject\",\"inLanguage\":\"pl-PL\",\"@id\":\"https:\\\/\\\/taalbureauaccent.nl\\\/pl\\\/product\\\/365-dni-z-jezykiem-niderlandzki-cz-2-rzeczownik\\\/#primaryimage\",\"url\":\"https:\\\/\\\/taalbureauaccent.nl\\\/pl\\\/wp-content\\\/uploads\\\/2022\\\/04\\\/czesc-2-ksiazka-e1654088890631-jpg.webp\",\"contentUrl\":\"https:\\\/\\\/taalbureauaccent.nl\\\/pl\\\/wp-content\\\/uploads\\\/2022\\\/04\\\/czesc-2-ksiazka-e1654088890631-jpg.webp\",\"width\":1000,\"height\":1000},{\"@type\":\"BreadcrumbList\",\"@id\":\"https:\\\/\\\/taalbureauaccent.nl\\\/pl\\\/product\\\/365-dni-z-jezykiem-niderlandzki-cz-2-rzeczownik\\\/#breadcrumb\",\"itemListElement\":[{\"@type\":\"ListItem\",\"position\":1,\"name\":\"Home\",\"item\":\"https:\\\/\\\/taalbureauaccent.nl\\\/pl\\\/\"},{\"@type\":\"ListItem\",\"position\":2,\"name\":\"Sklep\",\"item\":\"https:\\\/\\\/taalbureauaccent.nl\\\/pl\\\/sklep\\\/\"},{\"@type\":\"ListItem\",\"position\":3,\"name\":\"365 dni z j\u0119zykiem niderlandzkim, rzeczownik cz\u0119\u015b\u0107 2\"}]},{\"@type\":\"WebSite\",\"@id\":\"https:\\\/\\\/taalbureauaccent.nl\\\/pl\\\/#website\",\"url\":\"https:\\\/\\\/taalbureauaccent.nl\\\/pl\\\/\",\"name\":\"Taalbureau Accent\",\"description\":\"Taal Bureau Accent firma tworzona przez m\u0142odych, dynamicznych ludzi z ogromn\u0105 pasj\u0105 do nauczania.\",\"publisher\":{\"@id\":\"https:\\\/\\\/taalbureauaccent.nl\\\/pl\\\/#organization\"},\"potentialAction\":[{\"@type\":\"SearchAction\",\"target\":{\"@type\":\"EntryPoint\",\"urlTemplate\":\"https:\\\/\\\/taalbureauaccent.nl\\\/pl\\\/?s={search_term_string}\"},\"query-input\":{\"@type\":\"PropertyValueSpecification\",\"valueRequired\":true,\"valueName\":\"search_term_string\"}}],\"inLanguage\":\"pl-PL\"},{\"@type\":\"Organization\",\"@id\":\"https:\\\/\\\/taalbureauaccent.nl\\\/pl\\\/#organization\",\"name\":\"Taalbureau Accent\",\"url\":\"https:\\\/\\\/taalbureauaccent.nl\\\/pl\\\/\",\"logo\":{\"@type\":\"ImageObject\",\"inLanguage\":\"pl-PL\",\"@id\":\"https:\\\/\\\/taalbureauaccent.nl\\\/pl\\\/#\\\/schema\\\/logo\\\/image\\\/\",\"url\":\"https:\\\/\\\/taalbureauaccent.nl\\\/pl\\\/wp-content\\\/uploads\\\/2024\\\/11\\\/cropped-TallBureauAccent-oryginal-png.webp\",\"contentUrl\":\"https:\\\/\\\/taalbureauaccent.nl\\\/pl\\\/wp-content\\\/uploads\\\/2024\\\/11\\\/cropped-TallBureauAccent-oryginal-png.webp\",\"width\":150,\"height\":150,\"caption\":\"Taalbureau Accent\"},\"image\":{\"@id\":\"https:\\\/\\\/taalbureauaccent.nl\\\/pl\\\/#\\\/schema\\\/logo\\\/image\\\/\"}}]}<\/script>\n<!-- \/ Yoast SEO plugin. -->","yoast_head_json":{"title":"365 dni z j\u0119zykiem niderlandzkim, rzeczownik cz\u0119\u015b\u0107 2 - Taalbureau Accent","robots":{"index":"index","follow":"follow","max-snippet":"max-snippet:-1","max-image-preview":"max-image-preview:large","max-video-preview":"max-video-preview:-1"},"canonical":"https:\/\/taalbureauaccent.nl\/pl\/product\/365-dni-z-jezykiem-niderlandzki-cz-2-rzeczownik\/","og_locale":"pl_PL","og_type":"article","og_title":"365 dni z j\u0119zykiem niderlandzkim, rzeczownik cz\u0119\u015b\u0107 2 - Taalbureau Accent","og_description":"Po wydaniu podr\u0119cznika \u201e365 dni z j\u0119zykiem niderlandzkim, czasownik cz\u0119\u015b\u0107 1\u201d najcz\u0119\u015bciej zadawane przez uczni\u00f3w pytanie brzmia\u0142o: Kiedy nast\u0119pna cz\u0119\u015b\u0107? Z dum\u0105 prezentuj\u0119 wi\u0119c m\u00f3j nowy podr\u0119cznik do samodzielnej nauki holenderskiego. Tym razem z rzeczownikiem w roli g\u0142\u00f3wnej.  Zam\u00f3w ju\u017c dzi\u015b, a otrzymasz w pakiecie:   podr\u0119cznik w wersji drukowanej z najwa\u017cniejszymi rzeczownikami, przyk\u0142adami zda\u0144 przydatnych w codziennej komunikacji oraz lekcjami gramatyki,  niespodziank\u0119, kt\u00f3ra sprawi, \u017ce samodzielna nauka holenderskiego b\u0119dzie jeszcze przyjemniejsza.","og_url":"https:\/\/taalbureauaccent.nl\/pl\/product\/365-dni-z-jezykiem-niderlandzki-cz-2-rzeczownik\/","og_site_name":"Taalbureau Accent","article_modified_time":"2024-09-04T12:18:10+00:00","og_image":[{"width":1000,"height":1000,"url":"https:\/\/taalbureauaccent.nl\/pl\/wp-content\/uploads\/2022\/04\/czesc-2-ksiazka-e1654088890631-jpg.webp","type":"image\/jpeg"}],"twitter_card":"summary_large_image","schema":{"@context":"https:\/\/schema.org","@graph":[{"@type":"WebPage","@id":"https:\/\/taalbureauaccent.nl\/pl\/product\/365-dni-z-jezykiem-niderlandzki-cz-2-rzeczownik\/","url":"https:\/\/taalbureauaccent.nl\/pl\/product\/365-dni-z-jezykiem-niderlandzki-cz-2-rzeczownik\/","name":"365 dni z j\u0119zykiem niderlandzkim, rzeczownik cz\u0119\u015b\u0107 2 - Taalbureau Accent","isPartOf":{"@id":"https:\/\/taalbureauaccent.nl\/pl\/#website"},"primaryImageOfPage":{"@id":"https:\/\/taalbureauaccent.nl\/pl\/product\/365-dni-z-jezykiem-niderlandzki-cz-2-rzeczownik\/#primaryimage"},"image":{"@id":"https:\/\/taalbureauaccent.nl\/pl\/product\/365-dni-z-jezykiem-niderlandzki-cz-2-rzeczownik\/#primaryimage"},"thumbnailUrl":"https:\/\/taalbureauaccent.nl\/pl\/wp-content\/uploads\/2022\/04\/czesc-2-ksiazka-e1654088890631-jpg.webp","datePublished":"2022-04-26T16:45:15+00:00","dateModified":"2024-09-04T12:18:10+00:00","breadcrumb":{"@id":"https:\/\/taalbureauaccent.nl\/pl\/product\/365-dni-z-jezykiem-niderlandzki-cz-2-rzeczownik\/#breadcrumb"},"inLanguage":"pl-PL","potentialAction":[{"@type":"ReadAction","target":["https:\/\/taalbureauaccent.nl\/pl\/product\/365-dni-z-jezykiem-niderlandzki-cz-2-rzeczownik\/"]}]},{"@type":"ImageObject","inLanguage":"pl-PL","@id":"https:\/\/taalbureauaccent.nl\/pl\/product\/365-dni-z-jezykiem-niderlandzki-cz-2-rzeczownik\/#primaryimage","url":"https:\/\/taalbureauaccent.nl\/pl\/wp-content\/uploads\/2022\/04\/czesc-2-ksiazka-e1654088890631-jpg.webp","contentUrl":"https:\/\/taalbureauaccent.nl\/pl\/wp-content\/uploads\/2022\/04\/czesc-2-ksiazka-e1654088890631-jpg.webp","width":1000,"height":1000},{"@type":"BreadcrumbList","@id":"https:\/\/taalbureauaccent.nl\/pl\/product\/365-dni-z-jezykiem-niderlandzki-cz-2-rzeczownik\/#breadcrumb","itemListElement":[{"@type":"ListItem","position":1,"name":"Home","item":"https:\/\/taalbureauaccent.nl\/pl\/"},{"@type":"ListItem","position":2,"name":"Sklep","item":"https:\/\/taalbureauaccent.nl\/pl\/sklep\/"},{"@type":"ListItem","position":3,"name":"365 dni z j\u0119zykiem niderlandzkim, rzeczownik cz\u0119\u015b\u0107 2"}]},{"@type":"WebSite","@id":"https:\/\/taalbureauaccent.nl\/pl\/#website","url":"https:\/\/taalbureauaccent.nl\/pl\/","name":"Taalbureau Accent","description":"Taal Bureau Accent firma tworzona przez m\u0142odych, dynamicznych ludzi z ogromn\u0105 pasj\u0105 do nauczania.","publisher":{"@id":"https:\/\/taalbureauaccent.nl\/pl\/#organization"},"potentialAction":[{"@type":"SearchAction","target":{"@type":"EntryPoint","urlTemplate":"https:\/\/taalbureauaccent.nl\/pl\/?s={search_term_string}"},"query-input":{"@type":"PropertyValueSpecification","valueRequired":true,"valueName":"search_term_string"}}],"inLanguage":"pl-PL"},{"@type":"Organization","@id":"https:\/\/taalbureauaccent.nl\/pl\/#organization","name":"Taalbureau Accent","url":"https:\/\/taalbureauaccent.nl\/pl\/","logo":{"@type":"ImageObject","inLanguage":"pl-PL","@id":"https:\/\/taalbureauaccent.nl\/pl\/#\/schema\/logo\/image\/","url":"https:\/\/taalbureauaccent.nl\/pl\/wp-content\/uploads\/2024\/11\/cropped-TallBureauAccent-oryginal-png.webp","contentUrl":"https:\/\/taalbureauaccent.nl\/pl\/wp-content\/uploads\/2024\/11\/cropped-TallBureauAccent-oryginal-png.webp","width":150,"height":150,"caption":"Taalbureau Accent"},"image":{"@id":"https:\/\/taalbureauaccent.nl\/pl\/#\/schema\/logo\/image\/"}}]}},"_links":{"self":[{"href":"https:\/\/taalbureauaccent.nl\/pl\/wp-json\/wp\/v2\/product\/905","targetHints":{"allow":["GET"]}}],"collection":[{"href":"https:\/\/taalbureauaccent.nl\/pl\/wp-json\/wp\/v2\/product"}],"about":[{"href":"https:\/\/taalbureauaccent.nl\/pl\/wp-json\/wp\/v2\/types\/product"}],"replies":[{"embeddable":true,"href":"https:\/\/taalbureauaccent.nl\/pl\/wp-json\/wp\/v2\/comments?post=905"}],"wp:featuredmedia":[{"embeddable":true,"href":"https:\/\/taalbureauaccent.nl\/pl\/wp-json\/wp\/v2\/media\/906"}],"wp:attachment":[{"href":"https:\/\/taalbureauaccent.nl\/pl\/wp-json\/wp\/v2\/media?parent=905"}],"wp:term":[{"taxonomy":"product_brand","embeddable":true,"href":"https:\/\/taalbureauaccent.nl\/pl\/wp-json\/wp\/v2\/product_brand?post=905"},{"taxonomy":"product_cat","embeddable":true,"href":"https:\/\/taalbureauaccent.nl\/pl\/wp-json\/wp\/v2\/product_cat?post=905"},{"taxonomy":"product_tag","embeddable":true,"href":"https:\/\/taalbureauaccent.nl\/pl\/wp-json\/wp\/v2\/product_tag?post=905"}],"curies":[{"name":"wp","href":"https:\/\/api.w.org\/{rel}","templated":true}]}}